{"id":4417,"date":"2018-06-12T15:16:01","date_gmt":"2018-06-12T13:16:01","guid":{"rendered":"https:\/\/www.trend4ward.de\/trendblog\/?page_id=4417"},"modified":"2020-03-05T20:21:10","modified_gmt":"2020-03-05T19:21:10","slug":"datenschutzerklaerung","status":"publish","type":"page","link":"https:\/\/www.trend4ward.de\/trendblog\/datenschutzerklaerung\/","title":{"rendered":"Datenschutz"},"content":{"rendered":"<h2>Wer hinter der Website steht<\/h2>\n<p>Die Adresse der vorliegenden Website ist: https:\/\/www.trend4ward.de\/trendblog.<\/p>\n<p>Sie wird betrieben von dem <a href=\"https:\/\/www.trend4ward.de\/trendblog\/impressum\/\">Redaktionsb\u00fcro trend4ward aus K\u00f6ln<\/a>.<\/p>\n<h3 class=\"p3\">Hinweise zum Umgang mit personenbezogenen Daten \/ Datenschutzhinweise<\/h3>\n<p class=\"p4\">Zun\u00e4chst weise ich darauf hin, dass die auf diesen Seiten ver\u00f6ffentlichten personenbezogenen Daten von mir auf Grund der durch Artikel 11 der Grundwerte-Charta der Europ\u00e4ischen Union und Artikel 5 Grundgesetz gew\u00e4hrleisteten Medien- und Meinungsfreiheit ver\u00f6ffentlicht werden d\u00fcrfen. Als Medium \/ Meinungstr\u00e4ger bin ich nach Artikel 85 der Datenschutz-Grundverordnung in Verbindung mit dem f\u00fcr uns geltenden Landespresse-\/Landesmediengesetz bzw. dem Rundfunkstaatsvertrag f\u00fcr den Bereich der journalistischen Arbeit von wesentlichen Bestimmungen des Datenschutzrechts ausgenommen und darf personenbezogene Daten nach eigenem Ermessen journalistisch verarbeiten.<\/p>\n<p class=\"p4\">Als Redakteurin bin ich im \u00dcbrigen gesetzlich verpflichtet, das Datengeheimnis der journalistischen Daten zu achten und die Daten nur journalistisch zu verarbeiten, sowie geeignete organisatorische und technische Ma\u00dfnahmen zu treffen.<\/p>\n<p class=\"p4\">Gleichzeitig bin ich im Bereich nichtjournalistischer T\u00e4tigkeit (z. B. Abonnementverwaltung) vollst\u00e4ndig an die Regelungen des Datenschutzrechts gebunden.<\/p>\n<p class=\"p4\">Die nachstehenden Ausf\u00fchrungen haben erhebliche Bedeutung f\u00fcr Ihre Person bzw. Ihre pers\u00f6nlichen Daten. Die Lekt\u00fcre und Kenntnisnahme hat unter Umst\u00e4nden erhebliche Bedeutung f\u00fcr Ihre Daten, Ihre rechtliche Position gegen\u00fcber dem Betreiber und\/oder Dritten. Aus Sicht des Betreibers binden Sie sich vertraglich gegen\u00fcber dem Betreiber, wenn Sie nach Lekt\u00fcre und Kenntnisnahme die Internetseite weiter nutzen oder sich mit dem Betreiber, sprich: mir, \u00fcber E-Mail oder auf anderem Weg in Verbindung setzen.<\/p>\n<p class=\"p4\">Lesen Sie diese Regeln daher sorgf\u00e4ltig und ziehen Sie rechtlichen Rat hinzu, wenn Sie eine Regelung nicht verstehen. Personen im Alter unter 18 Jahren m\u00fcssen diese Ausf\u00fchrungen ihren Sorgeberechtigten zeigen und deren Zustimmung einholen.<\/p>\n<p class=\"p4\">Unabh\u00e4ngig von der Frage, ob ein wirksamer Vertrag zustandekommt, kann eine Datenverarbeitung durch den Betreiber allerdings auch auf Grundlage des Grundrechts auf Meinungs- und Medienfreiheit und\/oder auf Grund eines (damit verbundenen oder davon unabh\u00e4ngigen) berechtigten Interesses des Betreibers beruhen.<\/p>\n<p class=\"p3\">Soweit im Folgenden vom<b> <\/b>Betreiber die Rede ist, betrifft dies die Mitarbeiter\/innen von trend4ward, dem Redaktionsb\u00fcro aus K\u00f6ln.<\/p>\n<h3 class=\"p1\"><span class=\"s1\">Erl\u00e4uterung des Begriffs \u201eDaten\u201c<\/span><\/h3>\n<p class=\"p1\">Soweit nachstehend von \u201eDaten\u201c die Rede ist, sind damit personenbezogene Daten gemeint bzw. Daten, die einen Personenbezug unter nicht v\u00f6llig unverh\u00e4ltnism\u00e4\u00dfigem Aufwand erm\u00f6glichen, d.h. R\u00fcckschl\u00fcsse auf Sie erm\u00f6glichen.<\/p>\n<p class=\"p2\">Soweit es nachstehend um diese Daten geht, k\u00f6nnen das beispielsweise sein:<\/p>\n<ul>\n<li class=\"p2\">Namen und Adressen von Gesch\u00e4ftspartnern (Mitarbeiter\/innen von Auftraggebern f\u00fcr journalistische Auftr\u00e4ge,<span class=\"Apple-converted-space\">&nbsp; <\/span>PR-T\u00e4tigkeiten, Corporate Publishing und weitere nichtredaktionelle Auftr\u00e4ge) oder Informant\/inn\/en (freie Mitarbeiter\/innen, B\u00fcrger\/innen\/\u201cWhistleblower\u201c, Mitarbeiter\/innen von Pressestellen etc.),<\/li>\n<li class=\"p2\">Inhalte von Schreiben, zur Verf\u00fcgung gestellte Texte, Fotos, Audio- oder Videodaten, sonstige Datensammlungen,<\/li>\n<li class=\"p2\">Datum\/Uhrzeiten der Kontaktaufnahme, Daten wie die IP-Adresse, die von besuchten Servern ermittelt und deren Administratoren\/innen\/Kunden\/innen angezeigt werden k\u00f6nnen, wenn Sie Internetseiten besuchen, ohne dazwischengeschaltete Server wie etwa z.B. die so genannten \u201eTOR\u201c-Server zu nutzen.<\/li>\n<\/ul>\n<h3 class=\"p1\"><span class=\"s1\">Hinweise, wie Daten\u00fcbermittlung begrenzt werden k\u00f6nnen<\/span><\/h3>\n<p class=\"p2\">Ich weise zun\u00e4chst darauf hin, dass Sie auch ohne Besuch dieser Internetseite Kontakt zu mir aufnehmen und\/oder Informationen \u00fcber meine Arbeit bekommen k\u00f6nnen. Dadurch minimieren Sie im Regelfall den Umfang der uns \u00fcbermittelten und Dritten dabei eventuell einsehbaren Daten in erheblichem Umfang.<\/p>\n<p class=\"p2\">Ich weise au\u00dferdem darauf hin, dass ich auch anonyme Zusendungen oder Schreiben unter Pseudonym akzeptiere; allerdings macht das nat\u00fcrlich die Recherche nicht einfacher bzw. wir ben\u00f6tigen dann im Regelfall dennoch die Angabe irgendeiner Kontaktm\u00f6glichkeit, falls wir von Ihnen noch weitere Informationen ben\u00f6tigen. Wir werden aber auch anonyme Einsendungen pr\u00fcfen.<\/p>\n<p class=\"p2\">Gerade wenn es um sensible Informationen geht, die Sie bei uns einsehen wollen oder an uns \u00fcbermitteln wollen, ist der digitale Weg der \u00dcbermittlung\/Lekt\u00fcre nicht unbedingt die sinnvollste Methode.<\/p>\n<p class=\"p2\">(Wenn Sie dennoch digital mit uns kommunizieren, empfehlen wir die Verwendung von Verschl\u00fcsselungsprogrammen. Die von uns genutzte(n) Verschl\u00fcsselungsmethode(n) sind unter dem Men\u00fcpunkt \u201eKontakt\u201c erl\u00e4utert.)<\/p>\n<p class=\"p2\">Auch E-Mail ist nicht erforderlich: Rufen Sie einfach unter Telefonnummer +49 163 1759551 an und hinterlassen Sie Ihre Kontaktdaten.&nbsp;<\/p>\n<h3 class=\"p1\"><span class=\"s1\">Allgemeinverst\u00e4ndliche Hinweise auf Datenerfassung<\/span><\/h3>\n<p class=\"p2\">Wenn Sie die von mir unter der Domain www.trend4ward.de bereit gestellten Seiten \u00fcber ein digitales Ger\u00e4t (Computer, Smart-TV, Smartphone etc.) betrachten\/besuchen, machen Sie sich bitte klar, dass Ihre Daten in diesem Zusammenhang auf vielerlei Weise erfasst werden bzw. erfasst werden k\u00f6nnen. Wie das passiert oder passieren kann, wird im Folgenden geschildert.<\/p>\n<p class=\"p2\">Es wird zun\u00e4chst darauf hingewiesen, dass es auch sein kann, dass Sie diese Seiten\/Inhalte \u00fcber eine andere Domain als der oben genannten angezeigt bekommen. Das ist vom Betreiber nicht beabsichtigt und mit niemanden vereinbart worden. Technisch ist es aber f\u00fcr Dritte m\u00f6glich, dass andere Seiten die Inhalte dieser Seite so einbinden, dass es so wirkt, als w\u00e4re die Domain vom Betreiber<b> <\/b>selbst bereitgestellt werden (z.B. durch so genanntes \u201eFraming\u201c). Sollten Sie diese Seite auf eine solche Weise unter einer anderen Domain angezeigt bekommen, kann es sein, dass diese erheblich mehr ihrer Daten abfragen, so dass wir empfehlen, in einem solchen Fall den Browser<span class=\"Apple-converted-space\">&nbsp; <\/span>bzw. ihr Programm zur Anzeige von Inhalten zu schlie\u00dfen und unsere Seite nur unter der oben genannten Domain direkt abzurufen.<\/p>\n<p class=\"p2\">Wenn Sie diese Internetseite\/n unter der Domain www.trend4ward.de und darauf befindlichen Inhalte wie Fotos abrufen bzw. \u00fcber darauf befindliche Eingabeformulare Daten eingeben, werden grunds\u00e4tzlich auch ohne meine Mitwirkung immer Daten verarbeitet, die Aufschluss \u00fcber ihre Person geben k\u00f6nnen; die Details finden Sie dazu weiter unten.<\/p>\n<h3 class=\"p1\"><span class=\"s1\">Angaben zu konkret verwendeten Programmen \/ Mechanismen zur Datenerfassung<\/span><\/h3>\n<p class=\"p2\">Diese Internetseite verwendet Cookies, das sind Textdateien, die bei einem Besuch unserer Seiten auf Ihrem Computer oder sonstigem Ger\u00e4t gespeichert werden. Diese erm\u00f6glichen uns, wiederholte Besuche festzustellen, um aus dem Nutzerverhalten Hinweise f\u00fcr unsere redaktionelle Arbeit zu gewinnen, welche Inhalte besonders attraktiv sind. Wir verwenden diese Textdateien nicht dazu, um diese in Verbindung mit Ihrem Namen oder etwa mit \u00fcber Kontaktformulare eingegebene Namen und sonstigen Daten zu bringen.<\/p>\n<p>Wenn Sie Kommentare auf der Website schreiben, sammeln wir die Daten, die im Kommentar-Formular angezeigt werden, au\u00dferdem die IP-Adresse des Besuchers und den User-Agent-String (damit wird der Browser identifiziert), um die Erkennung von Spam zu unterst\u00fctzen.<\/p>\n<p>Kommentare inklusive Metadaten werden zeitlich unbegrenzt gespeichert. Auf diese Art k\u00f6nnen wir Folgekommentare automatisch erkennen und freigeben, anstelle sie in einer Moderations-Warteschlange festzuhalten.<\/p>\n<p class=\"p2\">Rechtsgrundlage ist Artikel 6 Absatz 1 lit f DSGVO, der die Datenverarbeitung beim Vorliegen eines berechtigten Interesse erlaubt, das in unserem Falle das Interesse an der Bereitstellung eines aktuellen und f\u00fcr Leser\/innen interessanten Inhalts ist. In keinem Fall verwenden wir die erhobenen Daten zu dem Zweck, R\u00fcckschl\u00fcsse auf Ihre Person zu ziehen.<\/p>\n<h3 class=\"p1\"><span class=\"s1\">Erl\u00e4uterung von Datenerfassung durch Provider \/ Redaktionssysteme \/ Zusatzprogramme<\/span><\/h3>\n<p class=\"p2\">Der Betreiber setzt als Redaktionssystem f\u00fcr die Inhalte das (Online-)Programm WordPress ein. Die Konfiguration f\u00fcr dieses Programm bzw. Zusatzprogramme (\u201ePlugin\u201c) sind so eingestellt, dass Daten von Besuchern nicht verarbeitet werden.<\/p>\n<p class=\"p2\">Der Betreiber hat das Programm und die Daten f\u00fcr die Darstellung dieser Internetseiten bei der Firma Hosteurope gespeichert (Hosting). Der Betreiber geht davon aus, dass die Firma Hosteurope Daten von Besuchern nicht verarbeitet.<\/p>\n<h3 class=\"p2\"><span class=\"s1\">Soziale Netzwerke \/ Buttons<\/span><\/h3>\n<p class=\"p2\">Diese Seite verwendet Schaltfl\u00e4chen, mit denen Besucher diese Seiten in sozialen Netzwerken unter ihrem Namen bzw. ihren Einwahlbezeichnungen bekanntmachen sowie Kommentare abgeben k\u00f6nnen, die sowohl auf diesen Seiten als auch \u2013 abh\u00e4ngig von Einstellungen der Besucher in ihren Netzwerken \u2013 auf diesen Netzwerken zu sehen sind. Die Netzwerke erfassen in der Regel im Moment der Eingabe \u00fcber diese Seiten personenbezogene Daten der Besucher, deren Umfang vom Betreiber nicht zu beeinflussen ist, sondern sich nur aus den Gesch\u00e4ftsbedingungen bzw. Datenschutzbestimmungen der jeweiligen Netzwerke ergeben.<\/p>\n<h3 class=\"p1\"><span class=\"s1\">Allgemeine Hinweise zur Datenverarbeitung<\/span><\/h3>\n<p class=\"p2\">Der Betreiber er\u00f6ffnet auf seinen Internetseiten die M\u00f6glichkeit, auf unterschiedliche Weise mit ihm Kontakt aufzunehmen bzw. Informationen oder Anfragen f\u00fcr Auftr\u00e4ge einzureichen. F\u00fcr die in Mitteilungen, die der Betreiber auf den dargestellten Kommunikationswegen erreichen, gelten folgende Regelungen zur Datenverarbeitung:<\/p>\n<ul>\n<li class=\"p2\">Jede Information oder Anfrage, sei sie anonym oder pers\u00f6nlich unterzeichnet, wird einschlie\u00dflich der in den Mitteilungen eventuell enthaltenen personenbezogenen Daten&nbsp; aufbewahrt und nach eigenem freien Ermessen f\u00fcr journalistische Zwecke verwendet bzw. verarbeitet.<\/li>\n<li class=\"p2\">Sofern die Information oder Anfrage explizit mit dem Wunsch \u00fcbermittelt wird, dass die Mitteilung nach Lekt\u00fcre vollumf\u00e4nglich gel\u00f6scht werden soll, werden wir dem gleichwohl nachkommen, auch wenn uns das die Langzeitrecherche bei solchen Mitteilungen erheblich erschweren w\u00fcrde. Wir behalten uns allerdings das Recht vor, die \u00fcbermittelten Fakten oder Behauptungen nach der L\u00f6schung\/Vernichtung der konkreten Mitteilung in einem neuen Datensatz zu verarbeiten, unter Ber\u00fccksichtigung eines bei Mitteilung eventuell ge\u00e4u\u00dferten Wunsches nach Pseudonymisierung des\/der Absenders\/Absenderin \/ Informantin\/Informanten.<\/li>\n<li class=\"p2\">Soweit die Aufbewahrung von Gesch\u00e4ftsunterlagen geboten ist, k\u00f6nnen solche Unterlagen f\u00fcr bis zu sechs Jahre nach Eingang der Mitteilung aufbewahrt bzw. verarbeitet werden, bei Rechnungen f\u00fcr bis zu zehn Jahre. (Das gilt nicht f\u00fcr Mitteilungen, auf denen explizit vermerkt ist, dass sie nach Kenntnisnahme zu l\u00f6schen \/ zu vernichten sind.)<\/li>\n<li class=\"p2\">Der Betreiber kann die Daten im \u00dcbrigen nach freiem Ermessen jederzeit l\u00f6schen.<\/li>\n<\/ul>\n<p>Rechtsgrundlage f\u00fcr die Datenverarbeitung von Nachrichten erfolgt ist Art.&nbsp;6 Abs.&nbsp;1 S.&nbsp;1 lit.&nbsp;a DSGVO, wonach die Datenverarbeitung durch uns auf Grundlage Ihrer freiwillig erteilten Einwilligung erfolgen darf.<\/p>\n<p class=\"p2\">Ich weise darauf hin, dass wir als Redaktionsb\u00fcro von zahlreichen Bestimmungen des Datenschutzrechts ausgenommen sind und Daten auch aus journalistischen Gr\u00fcnden verarbeiten d\u00fcrfen. Ein Anspruch auf \u00dcbertragbarkeit der Daten, der uns verpflichten w\u00fcrde, Datens\u00e4tze, die wir von Ihnen erhalten haben, zur Weiter\u00fcbertragung an andere f\u00fcr sie (weiter) bereitzuhalten, besteht daher nicht.<\/p>\n<h3 class=\"p1\"><span class=\"s1\">Allgemeine Erl\u00e4uterungen zum Datenabruf \u00fcber Internet<\/span><\/h3>\n<p class=\"p2\">Dar\u00fcber hinaus gilt f\u00fcr Ihre Daten bei Besuchen dieser Internetseite, sowohl hinsichtlich des reinen Betrachtens unserer Seiten bzw. Aufrufen von Inhalten wie Fotos, Audio, Videos, Beteiligung an Umfragen, Ratespielen, sonstigen Funktionen mit der M\u00f6glichkeit der Eingabe von Daten, z.B. Kommunikationsfeldern bzw. Feldern, mit denen Sie direkt \u00fcber die Seite (also nicht per E-Mail, sondern einfach durch Ausf\u00fcllen eines Nachrichtenfeldes innerhalb der Seite) Nachrichten an das Journalistenb\u00fcro schicken k\u00f6nnen:<\/p>\n<p class=\"p15\">a) Ihre Daten oder Teile davon werden in Ihrem Eingabeger\u00e4t (Computer, Tablet, Smartphone, Smart-TV mit Internetf\u00e4higkeit etc.) zumindest tempor\u00e4r gespeichert, bis zum Prozess des Absendens der Daten; je nach den von Ihnen oder dem berechtigten Administrator oder automatisch von Ihrem Ger\u00e4t eingestellten Prozessen werden diese Eingabedaten auch l\u00e4ngere Zeit auf Ihrem Ger\u00e4t gespeichert (z.B. im sogenannten Computer-Cache), so dass Sie zum eigenen Datenschutz diesen Cache oder andere Speichermethoden auf Ihrem Eingabeger\u00e4t nach dem Absenden dieses Formulars l\u00f6schen sollten. Sofern Sie an einem Eingabeger\u00e4t arbeiten, das von Ihrem Arbeit-\/Auftraggeber bereitgestellt wird oder einem Dritten (z.B. Internet-Caf\u00e9), kann es sein, dass Sie nicht die Zugriffsberechtigung (Administrationsrechte) haben, mit denen Ihnen eine L\u00f6schung der (tempor\u00e4r oder dauernd) gespeicherten Daten m\u00f6glich ist, wodurch die Administratoren damit dann Zugriff auf diese Daten haben; daher sollten Sie besonders intensiv pr\u00fcfen, ob Sie von diesem Eingabeger\u00e4t aus Daten eingeben wollen. Besonders wenn es um sensible Daten geht wie Gesundheitsdaten, Angaben zur sexuellen Orientierung, zur rassischen oder ethnischen Zugeh\u00f6rigkeit, Angeh\u00f6rigkeit zu einer Religion oder Gewerkschaft, bei Streitigkeiten mit ihrem Arbeitgeber, kann eine solche Speicherung und die M\u00f6glichkeit der Kenntnisnahme durch den Berechtigten f\u00fcr Sie von erheblichem Nachteil sein.<\/p>\n<p class=\"p15\">b) Ihre Daten oder Teile davon werden in den Computersystemen gespeichert, mit denen die Daten von Ihrem Eingabeger\u00e4t an den Server des Journalismusb\u00fcro \u00fcbermittelt werden, das k\u00f6nnen z.B. sein Ihr Netzrouter, Ihr Internetserver (der Server Ihres Providers, z.B. Telekom) sowie weitere Server von Dritten, mit denen Ihr Internetserver kommuniziert, dabei kann es sein, dass diese Daten dort nur tempor\u00e4r oder auch dauerhaft gespeichert werden. Soweit Sie von<span class=\"Apple-converted-space\">&nbsp; <\/span>Ihrem Arbeitsplatz bei einem<span class=\"Apple-converted-space\">&nbsp; <\/span>Arbeitgeber oder bei einem Dritten (z.B. Internetcaf\u00e9, Coworking-Space) Daten eingeben, gilt das Vorstehende entsprechend, mit dem besonderen Nachteil, dass die beim Arbeitgeber oder Dritten Berechtigten (z.B. Netzwerkadministratoren) Einblick<span class=\"Apple-converted-space\">&nbsp; <\/span>in diese Daten haben k\u00f6nnen oder auch andere Dritte auf Grund mangelnder Sicherheitsvorkehrungen oder absichtlicher Offenlegung darauf Zugriff erhalten.<\/p>\n<p class=\"p15\">c) Ihre Daten oder Teile davon werden auf dem Server des Betreibers gespeichert, das sind einerseits Computer, die von den Internetdienstleistern des Journalismusb\u00fcro betrieben werden, andererseits auch Computer, die der Betreiber selbst betreibt. Zus\u00e4tzlich k\u00f6nnen die Daten auch an Arbeitsplatzcomputern oder mobilen Ger\u00e4ten (z.B. Smartphones) des Betreibers gespeichert werden.<\/p>\n<p class=\"p15\">d) Es kann nicht ausgeschlossen werden, dass die Dienste, die mit dem Transport der Daten zwischen Servern sowie zwischen Servern und Arbeitsplatzcomputern bzw. Mobilger\u00e4ten befasst sind, Ihre Daten aus technischen oder anderen Gr\u00fcnden tempor\u00e4r oder auch dauernd speichern. Ebenfalls kann nicht ausgeschlossen werden, dass Dritte die Daten auf Grund gesetzlicher Grundlagen oder auch ohne solche Berechtigung, etwa der Bundesnachrichtendienst und andere Beh\u00f6rden im In- und Ausland, tempor\u00e4r oder dauernd speichern, weiterhin kann nicht ausgeschlossen werden, dass sonstige Dritte in rechtm\u00e4\u00dfiger oder rechtswidriger Weise die Daten speichern (z.B. k\u00f6nnen Datenabrufe bei \u00dcbertragung \u00fcber ungesch\u00fctzte WLAN-Netze erfasst werden, es k\u00f6nnen unter Umst\u00e4nden Screens von Computern erfasst werden, wenn jemand Daten an einem Bildschirm liest).<\/p>\n<p class=\"p15\">e) Sofern Sie Daten an das Journalistenb\u00fcro per E-Mail \u00fcbermitteln, werden regelm\u00e4\u00dfig die eingegebenen Daten bereits am Computer, \u00fcber den die E-Mail eingegeben wird, gespeichert oder dort unter Umst\u00e4nden f\u00fcr den Laien nicht sichtbare automatische Kopien angelegt, die eventuell nur von berechtigten Administratoren der Computern eingesehen bzw. gel\u00f6scht werden k\u00f6nnen. Bei Versendung \u00fcber Browser (Internet-Programme) kann es sein, dass innerhalb des Browsers eine Kopie angelegt wird. Denken Sie daher daran, E-Mails mit personenbezogenen Daten oder Informationen nur von Computern und Programmen zu senden, an denen Sie selbst die Administrationsrechte haben; l\u00f6schen Sie die Zwischenspeicher (Cache) dieser Computer daher auch nach Versendung. Dar\u00fcber hinaus ist es m\u00f6glich, dass Kopien der E-Mail auf den Servern gespeichert werden, \u00fcber die eine E-Mail zum Zielserver ger\u00e4t, einschlie\u00dflich von Kopien auf diesem Ziel-Server. F\u00fcr die Kommunikation \u00fcber WLAN gilt, dass es m\u00f6glich ist, dass die Anbieter der WLAN oder Dritte Zugriff auf alle Kommunikationsdaten innerhalb der WLAN haben bzw. automatisch Kopien von E-Mails erstellt werden.<\/p>\n<h3 class=\"p2\"><span class=\"s1\">Umgang mit eingegangenen Nachrichten und Beantwortung<\/span><\/h3>\n<p class=\"p2\">Der Betreiber darf die eingegebenen und an es \u00fcbermittelten Daten von Besuchern der Internetseite zum Zweck der Beantwortung des Schreibens einsehen, bearbeiten, auf Datentr\u00e4gern (Computer, Mobilger\u00e4te inklusive Smartphones\/Tablet, Online-Speicher wie etwa Cloud-Dienste) speichern, an Mitarbeiter\/innen des Redaktionsb\u00fcros \u00fcbermitteln, die Datenverarbeitung einschr\u00e4nken und\/oder die Daten ggf. ganz l\u00f6schen.<\/p>\n<p class=\"p2\">Das Journalistenb\u00fcro darf die Daten auch in solchen Staaten im genannten Umfang verwenden, die au\u00dferhalb der Europ\u00e4ischen Union und Staaten des Europ\u00e4ischen Wirtschaftsraums liegen und auch nicht von der EU-Kommission als L\u00e4nder mit sicherem Datenschutzniveau anerkannt wurden oder besondere Abkommen mit der EU geschlossen haben, nach denen ein geeignetes Schutzniveau unter bestimmten Bedingungen vorliegt, d.h. die Datenverarbeitung ist auch in datenschutzrechtlich gesehen unsicheren L\u00e4ndern m\u00f6glich, wenn sich der Betreiber nach eigenem Ermessen daf\u00fcr entscheidet. Das kann zur Verarbeitung der Daten auch Dienste von Dritten in solchen datenschutzrechtlich \u201eunsicheren\u201c L\u00e4ndern einsetzen, sei es zur Verarbeitung nach genauer Weisung oder um eine bestimmte Aufgabe zu erledigen, die vom Betreiber im Detail nicht vorgegeben werden kann.<\/p>\n<p class=\"p2\">Bei Anfragen \/ Informationen antwortet der Betreiber in der Regel per E-Mail. Wenn eine Kommunikation per E-Mail explizit nicht gew\u00fcnscht ist, hat der Informant\/Anfragende das bereits bei der Information\/Anfrage entsprechend deutlich mitzuteilen. Das Redaktionsb\u00fcro nutzt zum E-Mail-Versand die Dienstleistungen von Dritten (E-Mail-Providern); es kann dazu auch unterschiedliche Dienstleister parallel nutzen, d.h. die gleiche E-Mail \u00fcber unterschiedliche E-Mail-Provider verschicken, um die Wahrscheinlichkeit zu steigern, dass die E-Mail nicht von Filtersystemen des E-Mail-Providers des Empf\u00e4ngers aufgehalten wird. Bei den E-Mail-Providern werden eingehende Mails sowie versendete Mail automatisch gespeichert. Der Betreiber bzw. das Redaktionsb\u00fcro speichert Daten sowohl online in den Accounts der Provider als auch per Herunterladen vom Provider auf dem Computer im B\u00fcro und auf Mobilger\u00e4ten.<\/p>\n<h3 class=\"p2\"><span class=\"s1\">Datenschutzbeauftragte \/ Presserat \/ Pressekodex<\/span><\/h3>\n<p class=\"p2\">F\u00fcr den Betreiber besteht keine rechtliche Pflicht zur Bestellung eines Datenschutzbeauftragten. B\u00fcrger k\u00f6nnen sich dennoch direkt an den Betreiber wenden, wenn sie Zweifel oder Kritik an der Verwendung\/Verarbeitung von Daten durch den Betreiber haben.<\/p>\n<p class=\"p2\">Das Redaktionsb\u00fcro h\u00e4lt sich an die Regeln des Pressekodex zum Redaktionsdatenschutz und hat sich daher auch der Freiwilligen Selbstkontrolle des Deutschen Presserats unterstellt, siehe dazu <a href=\"http:\/\/www.presserat.de\/redaktionsdatenschutz\/redaktionsdatenschutz-was-ist-das\/\" target=\"_blank\" rel=\"noopener noreferrer\"><span class=\"s1\">http:\/\/www.presserat.de\/redaktionsdatenschutz\/redaktionsdatenschutz-was-ist-das<\/span><\/a><\/p>\n<h3><span class=\"s1\">Auskunftsrecht \u00fcber gespeicherte Daten nach dem Telemediengesetz<\/span><\/h3>\n<p class=\"p17\">Sie haben die Rechte aus \u00a7 57 Absatz 2 Rundfunkstaatsvertrag hin, der f\u00fcr journalistische Telemedien eine Auskunftspflicht festlegt:<\/p>\n<p class=\"p17\">Werden \u00fcber Angebote personenbezogene Daten von einem Anbieter von Telemedien ausschlie\u00dflich zu eigenen journalistisch-redaktionellen Zwecken verarbeitet und wird der Betroffene dadurch in seinen schutzw\u00fcrdigen Interessen beeintr\u00e4chtigt, kann er Auskunft \u00fcber die zugrunde liegenden, zu seiner Person gespeicherten Daten verlangen. Die Auskunft kann nach Abw\u00e4gung der schutzw\u00fcrdigen Interessen der Beteiligten verweigert werden, soweit durch die Mitteilung die journalistische Aufgabe des Veranstalters durch Ausforschung des Informationsbestandes beeintr\u00e4chtigt w\u00fcrde oder aus den Daten<\/p>\n<p class=\"p5\">1. auf Personen, die bei der Vorbereitung, Herstellung oder Verbreitung mitgewirkt haben oder<\/p>\n<p class=\"p5\">2. auf die Person des Einsenders oder des Gew\u00e4hrstr\u00e4gers von Beitr\u00e4gen, Unterlagen und Mitteilungen f\u00fcr den redaktionellen Teilgeschlossen werden kann. Der Betroffene kann die Berichtigung unrichtiger Daten oder die Hinzuf\u00fcgung einer eigenen Darstellung von angemessenem Umfang verlangen.<\/p>\n<p class=\"p2\"><span class=\"s1\">Auskunftsrecht \u00fcber gespeicherte Daten nach dem Pressekodex (sofern ein Internetauftritt mit journalistischen Inhalten betrieben wird und sich der Auftritt der Freiwilligen Selbstkontrolle durch den Presserat unterstellt)<\/span><\/p>\n<p class=\"p5\">Sie haben uns gegen\u00fcber die Rechte, die sich auf Grund unserer freiwilligen Selbstverpflichtung nach der Richtlinie zum Pressekodex des Deutschen Presserates ergeben:<\/p>\n<p class=\"p7\">Punkt 8.10<span class=\"Apple-converted-space\">&nbsp; <\/span>\u2013 Auskunft<\/p>\n<p class=\"p5\">Wird jemand durch eine Berichterstattung in seinem Pers\u00f6nlichkeitsrecht beeintr\u00e4chtigt, so hat das verantwortliche Publikationsorgan dem Betroffenen auf Antrag Auskunft \u00fcber die zugrunde liegenden, zu seiner Person gespeicherten Daten zu erstatten. Die Auskunft darf verweigert werden, soweit<\/p>\n<ul class=\"ul1\">\n<li class=\"li7\">aus<span class=\"Apple-converted-space\">&nbsp; <\/span>den<span class=\"Apple-converted-space\">&nbsp; <\/span>Daten<span class=\"Apple-converted-space\">&nbsp; <\/span>auf<span class=\"Apple-converted-space\">&nbsp; <\/span>Personen,<span class=\"Apple-converted-space\">&nbsp; <\/span>die<span class=\"Apple-converted-space\">&nbsp; <\/span>bei<span class=\"Apple-converted-space\">&nbsp; <\/span>der<span class=\"Apple-converted-space\">&nbsp; <\/span>Recherche, Bearbeitung<span class=\"Apple-converted-space\">&nbsp; <\/span>oder<span class=\"Apple-converted-space\">&nbsp; <\/span>Ver\u00f6ffentlichung von Beitr\u00e4gen berufsm\u00e4\u00dfig journalistisch mitwirken oder mitgewirkt haben, geschlossen werden kann,<\/li>\n<li class=\"li7\">aus den Daten auf die Person des Einsenders, Gew\u00e4hrstr\u00e4gers oder Informanten von Beitr\u00e4gen, Unterlagen und Mitteilungen f\u00fcr den redaktionellen Teil geschlossen werden kann,<\/li>\n<li class=\"li5\">durch<span class=\"Apple-converted-space\">&nbsp; <\/span>die<span class=\"Apple-converted-space\">&nbsp; <\/span>Mitteilung<span class=\"Apple-converted-space\">&nbsp; <\/span>der<span class=\"Apple-converted-space\">&nbsp; <\/span>recherchierten<span class=\"Apple-converted-space\">&nbsp; <\/span>oder<span class=\"Apple-converted-space\">&nbsp; <\/span>sonst<span class=\"Apple-converted-space\">&nbsp; <\/span>erlangten<span class=\"Apple-converted-space\">&nbsp; <\/span>Daten<span class=\"Apple-converted-space\">&nbsp; <\/span>die<span class=\"Apple-converted-space\">&nbsp; <\/span>journalistische<span class=\"Apple-converted-space\">&nbsp; <\/span>Aufgabe<span class=\"Apple-converted-space\">&nbsp; <\/span>des<span class=\"Apple-converted-space\">&nbsp; <\/span>Publikationsorgans<span class=\"Apple-converted-space\">&nbsp; <\/span>durch<span class=\"Apple-converted-space\">&nbsp; <\/span>Ausforschung<span class=\"Apple-converted-space\">&nbsp; <\/span>des<span class=\"Apple-converted-space\">&nbsp; <\/span>Informationsbestandes beeintr\u00e4chtigt w\u00fcrde oder<\/li>\n<li class=\"li5\">es<span class=\"Apple-converted-space\">&nbsp; <\/span>sich<span class=\"Apple-converted-space\">&nbsp; <\/span>sonst<span class=\"Apple-converted-space\">&nbsp; <\/span>als<span class=\"Apple-converted-space\">&nbsp; <\/span>notwendig<span class=\"Apple-converted-space\">&nbsp; <\/span>erweist,<span class=\"Apple-converted-space\">&nbsp; <\/span>um<span class=\"Apple-converted-space\">&nbsp; <\/span>den<span class=\"Apple-converted-space\">&nbsp; <\/span>Anspruch<span class=\"Apple-converted-space\">&nbsp; <\/span>auf<span class=\"Apple-converted-space\">&nbsp; <\/span>Privatsph\u00e4re mit den f\u00fcr die Freiheit der Meinungs\u00e4u\u00dferung geltenden Vorschriften in Einklang zu bringen.<\/li>\n<\/ul>\n","protected":false},"excerpt":{"rendered":"<p>Wer hinter der Website steht Die Adresse der vorliegenden Website ist: https:\/\/www.trend4ward.de\/trendblog. Sie wird betrieben von dem Redaktionsb\u00fcro trend4ward aus K\u00f6ln. Hinweise zum Umgang mit personenbezogenen Daten \/ Datenschutzhinweise Zun\u00e4chst weise ich darauf hin, dass die auf diesen Seiten ver\u00f6ffentlichten personenbezogenen Daten von mir auf Grund der durch Artikel 11 der Grundwerte-Charta der Europ\u00e4ischen Union&hellip;&nbsp;<a href=\"https:\/\/www.trend4ward.de\/trendblog\/datenschutzerklaerung\/\" rel=\"bookmark\">Weiterlesen &raquo;<span class=\"screen-reader-text\">Datenschutz<\/span><\/a><\/p>\n","protected":false},"author":1,"featured_media":0,"parent":0,"menu_order":0,"comment_status":"closed","ping_status":"closed","template":"","meta":{"om_disable_all_campaigns":false,"_monsterinsights_skip_tracking":false,"_monsterinsights_sitenote_active":false,"_monsterinsights_sitenote_note":"","_monsterinsights_sitenote_category":0,"_uf_show_specific_survey":0,"_uf_disable_surveys":false,"neve_meta_sidebar":"","neve_meta_container":"","neve_meta_enable_content_width":"","neve_meta_content_width":0,"neve_meta_title_alignment":"","neve_meta_author_avatar":"","neve_post_elements_order":"","neve_meta_disable_header":"","neve_meta_disable_footer":"","neve_meta_disable_title":"","ngg_post_thumbnail":0,"footnotes":""},"class_list":["post-4417","page","type-page","status-publish","hentry"],"yoast_head":"<!-- This site is optimized with the Yoast SEO plugin v27.4 - https:\/\/yoast.com\/product\/yoast-seo-wordpress\/ -->\n<title>Datenschutz &#8226; trendBlog \u2013 Wohnen, Reisen, Leben und Kultur<\/title>\n<meta name=\"description\" content=\"Ausf\u00fchrliche Datenschutzerkl\u00e4rung des trend4ward trendBlogs.\" \/>\n<meta name=\"robots\" content=\"index, follow, max-snippet:-1, max-image-preview:large, max-video-preview:-1\" \/>\n<link rel=\"canonical\" href=\"https:\/\/www.trend4ward.de\/trendblog\/datenschutzerklaerung\/\" \/>\n<meta property=\"og:locale\" content=\"de_DE\" \/>\n<meta property=\"og:type\" content=\"article\" \/>\n<meta property=\"og:title\" content=\"Datenschutz &#8226; trendBlog \u2013 Wohnen, Reisen, Leben und Kultur\" \/>\n<meta property=\"og:description\" content=\"Ausf\u00fchrliche Datenschutzerkl\u00e4rung des trend4ward trendBlogs.\" \/>\n<meta property=\"og:url\" content=\"https:\/\/www.trend4ward.de\/trendblog\/datenschutzerklaerung\/\" \/>\n<meta property=\"og:site_name\" content=\"trendBlog \u2013 Wohnen, Reisen, Leben und Kultur\" \/>\n<meta property=\"article:modified_time\" content=\"2020-03-05T19:21:10+00:00\" \/>\n<meta name=\"twitter:label1\" content=\"Gesch\u00e4tzte Lesezeit\" \/>\n\t<meta name=\"twitter:data1\" content=\"16\u00a0Minuten\" \/>\n<script type=\"application\/ld+json\" class=\"yoast-schema-graph\">{\"@context\":\"https:\\\/\\\/schema.org\",\"@graph\":[{\"@type\":\"WebPage\",\"@id\":\"https:\\\/\\\/www.trend4ward.de\\\/trendblog\\\/datenschutzerklaerung\\\/\",\"url\":\"https:\\\/\\\/www.trend4ward.de\\\/trendblog\\\/datenschutzerklaerung\\\/\",\"name\":\"Datenschutz &#8226; trendBlog \u2013 Wohnen, Reisen, Leben und Kultur\",\"isPartOf\":{\"@id\":\"https:\\\/\\\/www.trend4ward.de\\\/trendblog\\\/#website\"},\"datePublished\":\"2018-06-12T13:16:01+00:00\",\"dateModified\":\"2020-03-05T19:21:10+00:00\",\"description\":\"Ausf\u00fchrliche Datenschutzerkl\u00e4rung des trend4ward trendBlogs.\",\"breadcrumb\":{\"@id\":\"https:\\\/\\\/www.trend4ward.de\\\/trendblog\\\/datenschutzerklaerung\\\/#breadcrumb\"},\"inLanguage\":\"de\",\"potentialAction\":[{\"@type\":\"ReadAction\",\"target\":[\"https:\\\/\\\/www.trend4ward.de\\\/trendblog\\\/datenschutzerklaerung\\\/\"]}]},{\"@type\":\"BreadcrumbList\",\"@id\":\"https:\\\/\\\/www.trend4ward.de\\\/trendblog\\\/datenschutzerklaerung\\\/#breadcrumb\",\"itemListElement\":[{\"@type\":\"ListItem\",\"position\":1,\"name\":\"Home\",\"item\":\"https:\\\/\\\/www.trend4ward.de\\\/trendblog\\\/\"},{\"@type\":\"ListItem\",\"position\":2,\"name\":\"Datenschutz\"}]},{\"@type\":\"WebSite\",\"@id\":\"https:\\\/\\\/www.trend4ward.de\\\/trendblog\\\/#website\",\"url\":\"https:\\\/\\\/www.trend4ward.de\\\/trendblog\\\/\",\"name\":\"trendBlog \u2013 Wohnen, Reisen, Leben und Kultur\",\"description\":\"Portr\u00e4ts, Reportagen, Ratgeber. Seit 2009. Von Evelyn Steinbach.\",\"publisher\":{\"@id\":\"https:\\\/\\\/www.trend4ward.de\\\/trendblog\\\/#\\\/schema\\\/person\\\/c65dd8afd2fda04893d121f31b2a8ea4\"},\"potentialAction\":[{\"@type\":\"SearchAction\",\"target\":{\"@type\":\"EntryPoint\",\"urlTemplate\":\"https:\\\/\\\/www.trend4ward.de\\\/trendblog\\\/?s={search_term_string}\"},\"query-input\":{\"@type\":\"PropertyValueSpecification\",\"valueRequired\":true,\"valueName\":\"search_term_string\"}}],\"inLanguage\":\"de\"},{\"@type\":[\"Person\",\"Organization\"],\"@id\":\"https:\\\/\\\/www.trend4ward.de\\\/trendblog\\\/#\\\/schema\\\/person\\\/c65dd8afd2fda04893d121f31b2a8ea4\",\"name\":\"Evelyn Steinbach\",\"image\":{\"@type\":\"ImageObject\",\"inLanguage\":\"de\",\"@id\":\"https:\\\/\\\/www.trend4ward.de\\\/trendblog\\\/wp-content\\\/uploads\\\/2020\\\/11\\\/cropped-cropped-IMG_6744-e1692617617527.png\",\"url\":\"https:\\\/\\\/www.trend4ward.de\\\/trendblog\\\/wp-content\\\/uploads\\\/2020\\\/11\\\/cropped-cropped-IMG_6744-e1692617617527.png\",\"contentUrl\":\"https:\\\/\\\/www.trend4ward.de\\\/trendblog\\\/wp-content\\\/uploads\\\/2020\\\/11\\\/cropped-cropped-IMG_6744-e1692617617527.png\",\"width\":200,\"height\":183,\"caption\":\"Evelyn Steinbach\"},\"logo\":{\"@id\":\"https:\\\/\\\/www.trend4ward.de\\\/trendblog\\\/wp-content\\\/uploads\\\/2020\\\/11\\\/cropped-cropped-IMG_6744-e1692617617527.png\"},\"sameAs\":[\"http:\\\/\\\/www.trend4ward.de\"]}]}<\/script>\n<!-- \/ Yoast SEO plugin. -->","yoast_head_json":{"title":"Datenschutz &#8226; trendBlog \u2013 Wohnen, Reisen, Leben und Kultur","description":"Ausf\u00fchrliche Datenschutzerkl\u00e4rung des trend4ward trendBlogs.","robots":{"index":"index","follow":"follow","max-snippet":"max-snippet:-1","max-image-preview":"max-image-preview:large","max-video-preview":"max-video-preview:-1"},"canonical":"https:\/\/www.trend4ward.de\/trendblog\/datenschutzerklaerung\/","og_locale":"de_DE","og_type":"article","og_title":"Datenschutz &#8226; trendBlog \u2013 Wohnen, Reisen, Leben und Kultur","og_description":"Ausf\u00fchrliche Datenschutzerkl\u00e4rung des trend4ward trendBlogs.","og_url":"https:\/\/www.trend4ward.de\/trendblog\/datenschutzerklaerung\/","og_site_name":"trendBlog \u2013 Wohnen, Reisen, Leben und Kultur","article_modified_time":"2020-03-05T19:21:10+00:00","twitter_misc":{"Gesch\u00e4tzte Lesezeit":"16\u00a0Minuten"},"schema":{"@context":"https:\/\/schema.org","@graph":[{"@type":"WebPage","@id":"https:\/\/www.trend4ward.de\/trendblog\/datenschutzerklaerung\/","url":"https:\/\/www.trend4ward.de\/trendblog\/datenschutzerklaerung\/","name":"Datenschutz &#8226; trendBlog \u2013 Wohnen, Reisen, Leben und Kultur","isPartOf":{"@id":"https:\/\/www.trend4ward.de\/trendblog\/#website"},"datePublished":"2018-06-12T13:16:01+00:00","dateModified":"2020-03-05T19:21:10+00:00","description":"Ausf\u00fchrliche Datenschutzerkl\u00e4rung des trend4ward trendBlogs.","breadcrumb":{"@id":"https:\/\/www.trend4ward.de\/trendblog\/datenschutzerklaerung\/#breadcrumb"},"inLanguage":"de","potentialAction":[{"@type":"ReadAction","target":["https:\/\/www.trend4ward.de\/trendblog\/datenschutzerklaerung\/"]}]},{"@type":"BreadcrumbList","@id":"https:\/\/www.trend4ward.de\/trendblog\/datenschutzerklaerung\/#breadcrumb","itemListElement":[{"@type":"ListItem","position":1,"name":"Home","item":"https:\/\/www.trend4ward.de\/trendblog\/"},{"@type":"ListItem","position":2,"name":"Datenschutz"}]},{"@type":"WebSite","@id":"https:\/\/www.trend4ward.de\/trendblog\/#website","url":"https:\/\/www.trend4ward.de\/trendblog\/","name":"trendBlog \u2013 Wohnen, Reisen, Leben und Kultur","description":"Portr\u00e4ts, Reportagen, Ratgeber. Seit 2009. Von Evelyn Steinbach.","publisher":{"@id":"https:\/\/www.trend4ward.de\/trendblog\/#\/schema\/person\/c65dd8afd2fda04893d121f31b2a8ea4"},"potentialAction":[{"@type":"SearchAction","target":{"@type":"EntryPoint","urlTemplate":"https:\/\/www.trend4ward.de\/trendblog\/?s={search_term_string}"},"query-input":{"@type":"PropertyValueSpecification","valueRequired":true,"valueName":"search_term_string"}}],"inLanguage":"de"},{"@type":["Person","Organization"],"@id":"https:\/\/www.trend4ward.de\/trendblog\/#\/schema\/person\/c65dd8afd2fda04893d121f31b2a8ea4","name":"Evelyn Steinbach","image":{"@type":"ImageObject","inLanguage":"de","@id":"https:\/\/www.trend4ward.de\/trendblog\/wp-content\/uploads\/2020\/11\/cropped-cropped-IMG_6744-e1692617617527.png","url":"https:\/\/www.trend4ward.de\/trendblog\/wp-content\/uploads\/2020\/11\/cropped-cropped-IMG_6744-e1692617617527.png","contentUrl":"https:\/\/www.trend4ward.de\/trendblog\/wp-content\/uploads\/2020\/11\/cropped-cropped-IMG_6744-e1692617617527.png","width":200,"height":183,"caption":"Evelyn Steinbach"},"logo":{"@id":"https:\/\/www.trend4ward.de\/trendblog\/wp-content\/uploads\/2020\/11\/cropped-cropped-IMG_6744-e1692617617527.png"},"sameAs":["http:\/\/www.trend4ward.de"]}]}},"jetpack_sharing_enabled":true,"_links":{"self":[{"href":"https:\/\/www.trend4ward.de\/trendblog\/wp-json\/wp\/v2\/pages\/4417","targetHints":{"allow":["GET"]}}],"collection":[{"href":"https:\/\/www.trend4ward.de\/trendblog\/wp-json\/wp\/v2\/pages"}],"about":[{"href":"https:\/\/www.trend4ward.de\/trendblog\/wp-json\/wp\/v2\/types\/page"}],"author":[{"embeddable":true,"href":"https:\/\/www.trend4ward.de\/trendblog\/wp-json\/wp\/v2\/users\/1"}],"replies":[{"embeddable":true,"href":"https:\/\/www.trend4ward.de\/trendblog\/wp-json\/wp\/v2\/comments?post=4417"}],"version-history":[{"count":7,"href":"https:\/\/www.trend4ward.de\/trendblog\/wp-json\/wp\/v2\/pages\/4417\/revisions"}],"predecessor-version":[{"id":5135,"href":"https:\/\/www.trend4ward.de\/trendblog\/wp-json\/wp\/v2\/pages\/4417\/revisions\/5135"}],"wp:attachment":[{"href":"https:\/\/www.trend4ward.de\/trendblog\/wp-json\/wp\/v2\/media?parent=4417"}],"curies":[{"name":"wp","href":"https:\/\/api.w.org\/{rel}","templated":true}]}}